{"id":42,"date":"2026-03-13T23:16:01","date_gmt":"2026-03-13T22:16:01","guid":{"rendered":"https:\/\/parrocchiadivinamisericordia.it\/?page_id=42"},"modified":"2026-03-14T20:55:02","modified_gmt":"2026-03-14T19:55:02","slug":"azione-cattolica","status":"publish","type":"page","link":"https:\/\/parrocchiadivinamisericordia.it\/?page_id=42","title":{"rendered":"Azione Cattolica"},"content":{"rendered":"\n<figure class=\"wp-block-image size-full\"><img fetchpriority=\"high\" decoding=\"async\" width=\"358\" height=\"242\" src=\"https:\/\/parrocchiadivinamisericordia.it\/wp-content\/uploads\/2026\/03\/azione-cattolica.jpg\" alt=\"\" class=\"wp-image-64\" srcset=\"https:\/\/parrocchiadivinamisericordia.it\/wp-content\/uploads\/2026\/03\/azione-cattolica.jpg 358w, https:\/\/parrocchiadivinamisericordia.it\/wp-content\/uploads\/2026\/03\/azione-cattolica-300x203.jpg 300w\" sizes=\"(max-width: 358px) 100vw, 358px\" \/><\/figure>\n\n\n\n<p>Segue la&nbsp;<strong>Festa dei Ragazzi del sabato pomeriggio<\/strong>. Sono invitati iragazzi&nbsp;<strong>dai 9 ai 14 anni.<\/strong><\/p>\n\n\n\n<p>A coloro che hanno celebrato la Cresima negli ultimi due anni,\u00a0sar\u00e0 consegnata la<strong>\u00a0pergamena.<\/strong><br>Ragazzi, giovani, adulti, sposi, \u2026 vogliamo essere oggi coraggiosi?<br>Vogliamo trasmettere speranza, amore, pace ai nostri coetanei?<br>Allora non ci resta che incontrarci in un clima festoso e sincero, per imparare a vivere con fiducia e testimoniare una vita brillante, umana, all\u2019insegna della bellezza della nostra fede.<br>Come???<br>Semplicissimissimo\u2026!<br><strong>Iscrivendoci all\u2019Azione Cattolica!<\/strong><br>Ci attendono tante cose da fare\u2026, incontrarci, ridere di noi stessi, giocare e conoscere sempre di pi\u00f9 Ges\u00f9 insieme alla comunit\u00e0!<br>Non \u00e8 straordinario???<br>Vi aspettiamo allora numerosi!<br><strong>C<\/strong>arissimi,<br>anche nella nostra giovane parrocchia ci prepariamo a vivere nei nostri percorsi cristiani, anche quelli associativi, con la proposta all\u2019adesione all\u2019azione Cattolica Italiana.<br>Anche a noi piace raccontare a tutti l\u2019esperienza dell\u2019Azione Cattolica quale concreta capacit\u00e0 di farci vivere guardando l\u2019orizzonte pi\u00f9 ampio che si apre di fronte a ad ognuno di noi, con lo slancio missionario che ci spinge ad andare incontro a tutti e a non lasciare nessuno indietro.<br>Nell&#8217;ultimo anno e mezzo, l\u2019esperienza della pandemia ha segnato particolarmente le nostre comunit\u00e0, i nostri territori e ha chiamato tutta l\u2019umanit\u00e0 ad interrogarsi sul senso vero della nostra esistenza terrena, e su quanto sia importante e doveroso il servizio che gli uni gli altri possiamo fare.<br>Ecco l&#8217;associazione in tal senso pu\u00f2 aiutarci a riprogrammare il nostro stile di vita, seguendo la logica rivoluzionaria del \u201csi pu\u00f2 fare\u201d abbandonando il\u00a0<em>si \u00e8 sempre fatto cos\u00ec.<\/em><br>L\u2019Azione Cattolica nasce e si sviluppa come consapevole corresponsabilit\u00e0 nella Chiesa e come impegno missionario: per questo fa suo il compito di evangelizzazione e di santificazione e quello di formazione cristiana delle coscienze degli uomini, perch\u00e9 lo spirito evangelico viva nel cuore di ciascuno e nelle varie comunit\u00e0 e nei vari ambienti. Essa intende l&#8217;apostolato come servizio di una carit\u00e0 che partecipa ai fratelli il dono del Vangelo che ha ricevuto e promuove nei suoi aderenti una coerenza tra fede, carit\u00e0 e vita.<\/p>\n\n\n\n<figure class=\"wp-block-image size-full\"><img decoding=\"async\" width=\"217\" height=\"194\" src=\"https:\/\/parrocchiadivinamisericordia.it\/wp-content\/uploads\/2026\/03\/grandi.jpg\" alt=\"\" class=\"wp-image-66\"\/><\/figure>\n\n\n\n<p><strong>Cenni storicisull<\/strong>\u2019Azione Cattolica,<strong>\u00a0suddivisione fasce di et\u00e0:<\/strong><br>L&#8217;<strong>Azione Cattolica Italiana<\/strong>\u00a0(in\u00a0<a href=\"https:\/\/it.wikipedia.org\/wiki\/Acronimo\">acronimo<\/a>\u00a0<strong>AC<\/strong>\u00a0o\u00a0<strong>ACI<\/strong>) \u00e8 un&#8217;<a href=\"https:\/\/it.wikipedia.org\/wiki\/Associazioni_e_movimenti_cattolici\">associazione cattolica<\/a>\u00a0<a href=\"https:\/\/it.wikipedia.org\/wiki\/Laicato\">laica<\/a>\u00a0finalizzata alla collaborazione con le gerarchie ecclesiastiche della\u00a0<a href=\"https:\/\/it.wikipedia.org\/wiki\/Chiesa_cattolica\">Chiesa cattolica<\/a>. La sua l&#8217;origine risale\u00a0al settembre 1867, quando due giovani universitari,\u00a0<a href=\"https:\/\/it.wikipedia.org\/wiki\/Mario_Fani\">Mario Fani<\/a>, viterbese, e\u00a0<a href=\"https:\/\/it.wikipedia.org\/wiki\/Giovanni_Acquaderni\">Giovanni Acquaderni<\/a>, da\u00a0<a href=\"https:\/\/it.wikipedia.org\/wiki\/Castel_San_Pietro_Terme\">Castel San Pietro Terme<\/a>, fondano a\u00a0<a href=\"https:\/\/it.wikipedia.org\/wiki\/Bologna\">Bologna<\/a>\u00a0la\u00a0<em>Societ\u00e0 della Giovent\u00f9 Cattolica Italiana<\/em>.<br>\u00a0Il loro motto\u00a0<strong>\u00abPreghiera, Azione, Sacrificio\u00bb<\/strong>\u00a0sintetizza la fedelt\u00e0 a quattro principi fondamentali:<\/p>\n\n\n\n<ul class=\"wp-block-list\">\n<li>l&#8217;obbedienza al&nbsp;<a href=\"https:\/\/it.wikipedia.org\/wiki\/Papa\">Papa<\/a>&nbsp;(&#8220;<em>sentire cum Ecclesia&#8221;<\/em>);<\/li>\n\n\n\n<li>un progetto educativo fondato sullo studio della&nbsp;<a href=\"https:\/\/it.wikipedia.org\/wiki\/Religione\">religione<\/a>;<\/li>\n\n\n\n<li>vivere la vita secondo i principi del&nbsp;<a href=\"https:\/\/it.wikipedia.org\/wiki\/Cristianesimo\">Cristianesimo<\/a>;<\/li>\n\n\n\n<li>un diffuso impegno alla&nbsp;<a href=\"https:\/\/it.wikipedia.org\/wiki\/Carit\u00e0\">carit\u00e0<\/a>&nbsp;verso i pi\u00f9 deboli e i pi\u00f9 poveri.<\/li>\n\n\n\n<li><br>La costituzione dell&#8217;associazione viene approvata il 2 maggio\u00a0<a href=\"https:\/\/it.wikipedia.org\/wiki\/1868\">1868<\/a>\u00a0da\u00a0<a href=\"https:\/\/it.wikipedia.org\/wiki\/Papa_Pio_IX\">papa Pio IX<\/a>\u00a0con il\u00a0<a href=\"https:\/\/it.wikipedia.org\/wiki\/Breve_apostolico\">Breve apostolico<\/a>\u00a0<em>Dum filii Belia<\/em>. In sintonia con le posizioni del Pontefice (dello stesso anno \u00e8, infatti, la prima formulazione del\u00a0<a href=\"https:\/\/it.wikipedia.org\/wiki\/Non_expedit\"><em>non expedit<\/em><\/a>) la neonata compagine esclude l&#8217;impegno politico diretto.<br><br>Nel 1872 si tiene a\u00a0<a href=\"https:\/\/it.wikipedia.org\/wiki\/Venezia\">Venezia<\/a>\u00a0il primo congresso dei cattolici italiani: l&#8217;opera di Fani e Acquaderni viene ufficialmente ribattezzata\u00a0<em>Societ\u00e0 della Giovent\u00f9 Cattolica Italiana<\/em>. Dopo il congresso, prenderanno vita in Italia l&#8217;<a href=\"https:\/\/it.wikipedia.org\/wiki\/Opera_dei_Congressi\">Opera dei Congressi<\/a>\u00a0e i Comitati cattolici.<br><br>L&#8217;associazione cresce rapidamente e, nel giro di pochi anni, si diffonde nelle parrocchie di tutta Italia. In principio conserva una divisione in sessione maschile e femminile, che negli anni fu superata.<\/li>\n<\/ul>\n\n\n\n<p>L&#8217;Azione Cattolica Italiana, per corrispondere a specifiche esigenze formative e pastorali, propone itinerari differenziati secondo le et\u00e0 e le condizioni di vita. Riunisce, infatti, i bambini ed i ragazzi nell&#8217;Azione Cattolica dei Ragazzi, i Giovani in due Settori e gli Adulti.<\/p>\n\n\n\n<p><a href=\"https:\/\/it.wikipedia.org\/wiki\/Azione_Cattolica_dei_Ragazzi\"><strong>Azione Cattolica dei Ragazzi<\/strong><\/a>&nbsp;(<strong>ACR<\/strong>): \u00e8 un&#8217;articolazione dell&#8217;Azione Cattolica Italiana che traduce l&#8217;attenzione dell&#8217;Associazione verso i ragazzi dai 4 ai 14 anni, aiutandoli ad essere pieni protagonisti del loro cammino di fede. \u00c8 definita nell&#8217;articolo 16<a href=\"https:\/\/it.wikipedia.org\/wiki\/Azione_Cattolica#cite_note-16\">[16]<\/a>&nbsp;dello statuto dell&#8217;Azione Cattolica Italiana. La proposta dell&#8217;ACR \u00e8 strutturata in gruppi che seguono itinerari e proposte diversificate secondo quattro archi di et\u00e0:<\/p>\n\n\n\n<ul class=\"wp-block-list\">\n<li>4-5 (denominato Piccolissimi);<\/li>\n\n\n\n<li>6-8;<\/li>\n\n\n\n<li>9-11;<\/li>\n\n\n\n<li>12-14.<\/li>\n<\/ul>\n\n\n\n<p><strong>Settore Giovani:<\/strong>&nbsp;coinvolge i ragazzi dai 15 ai 30 anni.<\/p>\n\n\n\n<p>La proposta formativa \u00e8 articolata secondo due archi d&#8217;et\u00e0:<\/p>\n\n\n\n<ul class=\"wp-block-list\">\n<li>Giovanissimi, dai 15 ai 18 anni;<\/li>\n\n\n\n<li>Giovani, dai 19 ai 30 anni<\/li>\n<\/ul>\n\n\n\n<p><strong><em>Il settore giovani fa riferimento alla seguente struttura organizzativa:<\/em><\/strong><\/p>\n\n\n\n<ul class=\"wp-block-list\">\n<li>livello&nbsp;<a href=\"https:\/\/it.wikipedia.org\/wiki\/Nazione\">nazionale<\/a>: i massimi responsabili sono i due vicepresidenti nazionali dell&#8217;Azione Cattolica per i giovani, un&nbsp;<a href=\"https:\/\/it.wikipedia.org\/wiki\/Assistente_ecclesiastico\">assistente<\/a>&nbsp;(coadiuvati da un segretario e un&#8217;\u00e9quipe di lavoro);<\/li>\n\n\n\n<li>livello&nbsp;<a href=\"https:\/\/it.wikipedia.org\/wiki\/Regione_ecclesiastica\">regionale<\/a>: due incaricati e un assistente<\/li>\n\n\n\n<li>livello&nbsp;<a href=\"https:\/\/it.wikipedia.org\/wiki\/Diocesi\">diocesano<\/a>: due vicepresidenti, un assistente (con \u00e9quipe diocesana)<\/li>\n\n\n\n<li>livello zonale: due responsabili e un assistente vicariale o decanale<\/li>\n\n\n\n<li>livello parrocchiale: due (o uno nei gruppi poco numerosi) responsabili parrocchiali<\/li>\n<\/ul>\n\n\n\n<p><strong>Settore Adulti:<\/strong>&nbsp;riunisce i soci sopra i 30 anni.<\/p>\n\n\n\n<p><strong><em>Responsabili<\/em><\/strong><\/p>\n\n\n\n<ul class=\"wp-block-list\">\n<li>Il responsabile associativo: \u00e8 il vicepresidente del Settore Giovani, che viene eletto dall&#8217;<a href=\"https:\/\/it.wikipedia.org\/wiki\/Assemblea\">assemblea<\/a>&nbsp;dell&#8217;<a href=\"https:\/\/it.wikipedia.org\/wiki\/Associazione_(diritto)\">associazione<\/a>&nbsp;<a href=\"https:\/\/it.wikipedia.org\/wiki\/Parrocchia\">parrocchiale<\/a>&nbsp;ed \u00e8 responsabile di tutti i gruppi del Settore. Talvolta il responsabile associativo \u00e8 anche Educatore.<\/li>\n\n\n\n<li>L&#8217;educatore: \u00e8 il responsabile educativo, cio\u00e8 la persona a cui l&#8217;associazione affida un gruppo di giovani perch\u00e9 curi le relazioni tra le persone, l&#8217;elaborazione di un programma e il suo svolgimento.<\/li>\n\n\n\n<li>Il&nbsp;<a href=\"https:\/\/it.wikipedia.org\/wiki\/Presbitero\">presbitero<\/a>&nbsp;assistente: \u00e8 il&nbsp;<a href=\"https:\/\/it.wikipedia.org\/wiki\/Parroco\">parroco<\/a>&nbsp;o il suo&nbsp;<a href=\"https:\/\/it.wikipedia.org\/wiki\/Vicario_parrocchiale\">vicario<\/a>&nbsp;nelle&nbsp;<a href=\"https:\/\/it.wikipedia.org\/wiki\/Parrocchia\">parrocchie<\/a>, mentre l&#8217;assistente diocesano \u00e8 solitamente nominato dal&nbsp;<a href=\"https:\/\/it.wikipedia.org\/wiki\/Vescovo\">Vescovo<\/a>: il servizio dell&#8217;assistente \u00e8 diretto all&#8217;educazione religiosa, ricoprendo un ruolo complementare a quello dell&#8217;educatore.<\/li>\n<\/ul>\n\n\n\n<p><strong><em>Movimenti legati all&#8217;Azione Cattolica sono:<\/em><\/strong><\/p>\n\n\n\n<ul class=\"wp-block-list\">\n<li><a href=\"https:\/\/it.wikipedia.org\/wiki\/Movimento_Studenti_di_Azione_Cattolica\">Movimento Studenti di Azione Cattolica<\/a>&nbsp;(MSAC): riunisce i giovani soci impegnati nella scuola secondaria superiore.<\/li>\n\n\n\n<li><a href=\"https:\/\/it.wikipedia.org\/w\/index.php?title=Movimento_Lavoratori_di_Azione_Cattolica&amp;action=edit&amp;redlink=1\">Movimento Lavoratori di Azione Cattolica<\/a>&nbsp;(MLAC): riunisce i soci impegnati nella pastorale del mondo del lavoro.<\/li>\n\n\n\n<li><a href=\"https:\/\/it.wikipedia.org\/w\/index.php?title=Movimento_di_Impegno_Educativo_di_Azione_Cattolica&amp;action=edit&amp;redlink=1\">Movimento di Impegno Educativo di Azione Cattolica<\/a>&nbsp;(MIEAC): si rivolge a quanti, a vario titolo, sono coinvolti nel processo educativo.<\/li>\n<\/ul>\n\n\n\n<figure class=\"wp-block-image size-full\"><img decoding=\"async\" width=\"370\" height=\"370\" src=\"https:\/\/parrocchiadivinamisericordia.it\/wp-content\/uploads\/2026\/03\/Senza-titolo-3.jpg\" alt=\"\" class=\"wp-image-67\" srcset=\"https:\/\/parrocchiadivinamisericordia.it\/wp-content\/uploads\/2026\/03\/Senza-titolo-3.jpg 370w, https:\/\/parrocchiadivinamisericordia.it\/wp-content\/uploads\/2026\/03\/Senza-titolo-3-300x300.jpg 300w, https:\/\/parrocchiadivinamisericordia.it\/wp-content\/uploads\/2026\/03\/Senza-titolo-3-150x150.jpg 150w\" sizes=\"(max-width: 370px) 100vw, 370px\" \/><\/figure>\n","protected":false},"excerpt":{"rendered":"<p>Segue la&nbsp;Festa dei Ragazzi del sabato pomeriggio. Sono invitati iragazzi&nbsp;dai 9 ai 14 anni. A coloro che hanno celebrato la Cresima negli ultimi due anni,\u00a0sar\u00e0 consegnata la\u00a0pergamena.Ragazzi, giovani, adulti, sposi, \u2026 vogliamo essere oggi coraggiosi?Vogliamo trasmettere speranza, amore, pace ai &hellip; <a href=\"https:\/\/parrocchiadivinamisericordia.it\/?page_id=42\">Continua a leggere<span class=\"meta-nav\">&rarr;<\/span><\/a><\/p>\n","protected":false},"author":1,"featured_media":0,"parent":0,"menu_order":0,"comment_status":"closed","ping_status":"closed","template":"","meta":{"footnotes":""},"class_list":["post-42","page","type-page","status-publish","hentry"],"_links":{"self":[{"href":"https:\/\/parrocchiadivinamisericordia.it\/index.php?rest_route=\/wp\/v2\/pages\/42","targetHints":{"allow":["GET"]}}],"collection":[{"href":"https:\/\/parrocchiadivinamisericordia.it\/index.php?rest_route=\/wp\/v2\/pages"}],"about":[{"href":"https:\/\/parrocchiadivinamisericordia.it\/index.php?rest_route=\/wp\/v2\/types\/page"}],"author":[{"embeddable":true,"href":"https:\/\/parrocchiadivinamisericordia.it\/index.php?rest_route=\/wp\/v2\/users\/1"}],"replies":[{"embeddable":true,"href":"https:\/\/parrocchiadivinamisericordia.it\/index.php?rest_route=%2Fwp%2Fv2%2Fcomments&post=42"}],"version-history":[{"count":4,"href":"https:\/\/parrocchiadivinamisericordia.it\/index.php?rest_route=\/wp\/v2\/pages\/42\/revisions"}],"predecessor-version":[{"id":75,"href":"https:\/\/parrocchiadivinamisericordia.it\/index.php?rest_route=\/wp\/v2\/pages\/42\/revisions\/75"}],"wp:attachment":[{"href":"https:\/\/parrocchiadivinamisericordia.it\/index.php?rest_route=%2Fwp%2Fv2%2Fmedia&parent=42"}],"curies":[{"name":"wp","href":"https:\/\/api.w.org\/{rel}","templated":true}]}}